{"id":916,"date":"2016-08-21T16:10:25","date_gmt":"2016-08-21T14:10:25","guid":{"rendered":"http:\/\/buerokraft48.de\/buerodienst\/?post_type=tribe_events&#038;p=916"},"modified":"2016-08-21T16:10:25","modified_gmt":"2016-08-21T14:10:25","slug":"stammtisch-fuer-selbstaendige-algii-bezieher","status":"publish","type":"tribe_events","link":"http:\/\/buerokraft48.de\/buerodienst\/event\/stammtisch-fuer-selbstaendige-algii-bezieher\/","title":{"rendered":"Stammtisch f\u00fcr selbst\u00e4ndige ALGII-Bezieher"},"content":{"rendered":"<p>Angeblich macht man ja im August Urlaub, aber wer von uns kann sich das schon leisten. Daher werden wir also gr\u00f6\u00dftenteils nicht urlauben, aber wir k\u00f6nnen tischen, ma\u00dfvoll auf und richtig kr\u00e4ftig stamm.<\/p>\n<p><strong><u>Dienstag<\/u><\/strong>, den\u00a0<strong>02.08.2016<\/strong>\u00a0um 19:00 Uhr<\/p>\n<p>in der\u00a0<strong><u>KAB Beratungsstelle &#8211; Sankt-Josefs-Platz 3 &#8211; Aachen<\/u><\/strong><\/p>\n<p>Karte: (<a href=\"http:\/\/goo.gl\/maps\/1PxzM\">http:\/\/goo.gl\/maps\/1PxzM<\/a>)<\/p>\n<p>Das Treffen selbst\u00e4ndiger ALGII-Bezieher und angehenden Selbst\u00e4ndigen mit<br \/>\nALGII-Bezug findet nun schon seit Herbst 2009 regelm\u00e4\u00dfig einmal monatlich<br \/>\nstatt.<\/p>\n<p>Thema: Rechtsvereinfachung &#8211; was bringt uns das?<\/p>\n","protected":false},"excerpt":{"rendered":"<p>Angeblich macht man ja im August Urlaub, aber wer von uns kann sich das schon leisten. Daher werden wir also gr\u00f6\u00dftenteils nicht urlauben, aber wir k\u00f6nnen tischen, ma\u00dfvoll auf und&hellip;&nbsp;<a href=\"http:\/\/buerokraft48.de\/buerodienst\/event\/stammtisch-fuer-selbstaendige-algii-bezieher\/\" class=\"\" rel=\"bookmark\">Weiterlesen &raquo;<span class=\"screen-reader-text\">Stammtisch f\u00fcr selbst\u00e4ndige ALGII-Bezieher<\/span><\/a><\/p>\n","protected":false},"author":1,"featured_media":0,"comment_status":"open","ping_status":"closed","template":"","meta":{"neve_meta_sidebar":"","neve_meta_container":"","neve_meta_enable_content_width":"","neve_meta_content_width":0,"neve_meta_title_alignment":"","neve_meta_author_avatar":"","neve_post_elements_order":"","neve_meta_disable_header":"","neve_meta_disable_footer":"","neve_meta_disable_title":"","jetpack_post_was_ever_published":false,"_tribe_events_status":"","_tribe_events_status_reason":""},"tags":[],"tribe_events_cat":[],"jetpack_sharing_enabled":true,"_links":{"self":[{"href":"http:\/\/buerokraft48.de\/buerodienst\/wp-json\/wp\/v2\/tribe_events\/916"}],"collection":[{"href":"http:\/\/buerokraft48.de\/buerodienst\/wp-json\/wp\/v2\/tribe_events"}],"about":[{"href":"http:\/\/buerokraft48.de\/buerodienst\/wp-json\/wp\/v2\/types\/tribe_events"}],"author":[{"embeddable":true,"href":"http:\/\/buerokraft48.de\/buerodienst\/wp-json\/wp\/v2\/users\/1"}],"replies":[{"embeddable":true,"href":"http:\/\/buerokraft48.de\/buerodienst\/wp-json\/wp\/v2\/comments?post=916"}],"version-history":[{"count":1,"href":"http:\/\/buerokraft48.de\/buerodienst\/wp-json\/wp\/v2\/tribe_events\/916\/revisions"}],"predecessor-version":[{"id":917,"href":"http:\/\/buerokraft48.de\/buerodienst\/wp-json\/wp\/v2\/tribe_events\/916\/revisions\/917"}],"wp:attachment":[{"href":"http:\/\/buerokraft48.de\/buerodienst\/wp-json\/wp\/v2\/media?parent=916"}],"wp:term":[{"taxonomy":"post_tag","embeddable":true,"href":"http:\/\/buerokraft48.de\/buerodienst\/wp-json\/wp\/v2\/tags?post=916"},{"taxonomy":"tribe_events_cat","embeddable":true,"href":"http:\/\/buerokraft48.de\/buerodienst\/wp-json\/wp\/v2\/tribe_events_cat?post=916"}],"curies":[{"name":"wp","href":"https:\/\/api.w.org\/{rel}","templated":true}]}}